{"id":28867,"date":"2025-03-19T17:04:24","date_gmt":"2025-03-19T16:04:24","guid":{"rendered":"https:\/\/www.steffcon.com\/?page_id=28867"},"modified":"2025-04-30T19:42:07","modified_gmt":"2025-04-30T17:42:07","slug":"hr-marketing","status":"publish","type":"page","link":"https:\/\/www.steffcon.com\/index.php\/hr-marketing\/","title":{"rendered":"HR Marketing"},"content":{"rendered":"<p>[et_pb_section fb_built=&#8220;1&#8243; fullwidth=&#8220;on&#8220; admin_label=&#8220;Hero Section&#8220; _builder_version=&#8220;4.27.4&#8243; background_image=&#8220;https:\/\/www.steffcon.com\/cm\/wp-content\/uploads\/2025\/02\/sc-internet-skyline-start-top-2025-1707&#215;1490-1.jpg&#8220; parallax=&#8220;on&#8220; animation_style=&#8220;fade&#8220; animation_starting_opacity=&#8220;80%&#8220; global_colors_info=&#8220;{}&#8220;][et_pb_fullwidth_header title=&#8220;Human Resources und Employer Branding &#8220; subhead=&#8220; &#8220; text_orientation=&#8220;center&#8220; header_fullscreen=&#8220;on&#8220; background_overlay_color=&#8220;rgba(49,62,71,0.89)&#8220; title_font_color=&#8220;#ffffff&#8220; subhead_font_color=&#8220;#ffffff&#8220; admin_label=&#8220;Hero Area&#8220; _builder_version=&#8220;4.27.4&#8243; title_font=&#8220;Prata||||||||&#8220; title_text_color=&#8220;#ffffff&#8220; title_font_size=&#8220;80px&#8220; title_line_height=&#8220;1.6em&#8220; subhead_font=&#8220;|700|||||||&#8220; subhead_text_color=&#8220;#ffffff&#8220; subhead_letter_spacing=&#8220;4px&#8220; subhead_line_height=&#8220;3em&#8220; background_color=&#8220;rgba(255, 255, 255, 0)&#8220; background_position=&#8220;top_left&#8220; background_repeat=&#8220;repeat&#8220; custom_button_one=&#8220;on&#8220; button_one_text_size=&#8220;13px&#8220; button_one_text_color=&#8220;rgba(0,0,0,0.8)&#8220; button_one_bg_color=&#8220;#ffba60&#8243; button_one_border_width=&#8220;12px&#8220; button_one_border_color=&#8220;#ffba60&#8243; button_one_border_radius=&#8220;0px&#8220; button_one_letter_spacing=&#8220;4px&#8220; button_one_font=&#8220;|700||on|||||&#8220; button_one_icon=&#8220;&#x24;||divi||400&#8243; background_layout=&#8220;light&#8220; title_font_size_tablet=&#8220;40px&#8220; title_font_size_phone=&#8220;&#8220; title_font_size_last_edited=&#8220;on|tablet&#8220; border_color_all=&#8220;rgba(31,40,48,0.94)&#8220; border_width_left=&#8220;10vw&#8220; button_one_border_radius_hover=&#8220;0px&#8220; button_one_letter_spacing_hover=&#8220;4px&#8220; global_colors_info=&#8220;{}&#8220; button_one_text_size__hover_enabled=&#8220;off&#8220; button_two_text_size__hover_enabled=&#8220;off&#8220; button_one_text_color__hover_enabled=&#8220;off&#8220; button_two_text_color__hover_enabled=&#8220;off&#8220; button_one_border_width__hover_enabled=&#8220;off&#8220; button_two_border_width__hover_enabled=&#8220;off&#8220; button_one_border_color__hover_enabled=&#8220;off&#8220; button_two_border_color__hover_enabled=&#8220;off&#8220; button_one_border_radius__hover_enabled=&#8220;on&#8220; button_one_border_radius__hover=&#8220;0px&#8220; button_two_border_radius__hover_enabled=&#8220;off&#8220; button_one_letter_spacing__hover_enabled=&#8220;on&#8220; button_one_letter_spacing__hover=&#8220;4px&#8220; button_two_letter_spacing__hover_enabled=&#8220;off&#8220; button_one_bg_color__hover_enabled=&#8220;off&#8220; button_two_bg_color__hover_enabled=&#8220;off&#8220;][\/et_pb_fullwidth_header][\/et_pb_section][et_pb_section fb_built=&#8220;1&#8243; admin_label=&#8220;CTA Section&#8220; _builder_version=&#8220;4.27.4&#8243; use_background_color_gradient=&#8220;on&#8220; background_color_gradient_stops=&#8220;#313e47 0%|rgba(49,62,71,0.74) 100%&#8220; background_color_gradient_overlays_image=&#8220;on&#8220; background_color_gradient_start=&#8220;#313e47&#8243; background_color_gradient_end=&#8220;rgba(49,62,71,0.74)&#8220; background_image=&#8220;https:\/\/www.steffcon.com\/cm\/wp-content\/uploads\/2023\/06\/law-firm-24.jpg&#8220; custom_padding=&#8220;0px|0px|0px||false|false&#8220; border_color_all=&#8220;#26333a&#8220; border_width_left=&#8220;8vw&#8220; global_colors_info=&#8220;{}&#8220;][et_pb_row column_structure=&#8220;1_2,1_2&#8243; use_custom_gutter=&#8220;on&#8220; gutter_width=&#8220;2&#8243; admin_label=&#8220;CTA Area&#8220; _builder_version=&#8220;4.27.4&#8243; width=&#8220;100%&#8220; locked=&#8220;off&#8220; global_colors_info=&#8220;{}&#8220;][et_pb_column type=&#8220;1_2&#8243; _builder_version=&#8220;4.27.4&#8243; custom_padding=&#8220;|||&#8220; global_colors_info=&#8220;{}&#8220; custom_padding__hover=&#8220;|||&#8220;][et_pb_text admin_label=&#8220;Title&#8220; _builder_version=&#8220;4.27.4&#8243; text_text_color=&#8220;#FFFFFF&#8220; text_font_size=&#8220;16px&#8220; animation_direction=&#8220;left&#8220; global_colors_info=&#8220;{}&#8220;]<\/p>\n<p>Motivierte, loyale, qualifizierte und engagierte Mitarbeiter mit dem entsprechenden Fachwissen und ihren individuellen F\u00e4higkeiten und Talenten sind ein wichtiger Faktor f\u00fcr den Erfolg und die Wettbewerbsf\u00e4higkeit eines Unternehmens.<\/p>\n<p>[\/et_pb_text][\/et_pb_column][et_pb_column type=&#8220;1_2&#8243; _builder_version=&#8220;4.27.4&#8243; custom_padding=&#8220;|||&#8220; global_colors_info=&#8220;{}&#8220; custom_padding__hover=&#8220;|||&#8220;][et_pb_image src=&#8220;https:\/\/www.steffcon.com\/cm\/wp-content\/uploads\/zeichentrick-figuren-mit-einem-puzzle-bauch-1-scaled.png&#8220; alt=&#8220;Zeichentrickfiguren mit einem Puzzlebauch&#8220; title_text=&#8220;zeichentrick-figuren-mit-einem-puzzle-bauch&#8220; show_in_lightbox=&#8220;on&#8220; show_bottom_space=&#8220;off&#8220; _builder_version=&#8220;4.27.4&#8243; _module_preset=&#8220;default&#8220; global_colors_info=&#8220;{}&#8220;][\/et_pb_image][\/et_pb_column][\/et_pb_row][et_pb_row column_structure=&#8220;1_2,1_2&#8243; use_custom_gutter=&#8220;on&#8220; gutter_width=&#8220;2&#8243; admin_label=&#8220;CTA Area&#8220; _builder_version=&#8220;4.27.4&#8243; width=&#8220;100%&#8220; locked=&#8220;off&#8220; global_colors_info=&#8220;{}&#8220;][et_pb_column type=&#8220;1_2&#8243; _builder_version=&#8220;4.27.4&#8243; custom_padding=&#8220;|||&#8220; global_colors_info=&#8220;{}&#8220; custom_padding__hover=&#8220;|||&#8220;][et_pb_text admin_label=&#8220;Title&#8220; _builder_version=&#8220;4.27.4&#8243; text_text_color=&#8220;#FFFFFF&#8220; text_font_size=&#8220;16px&#8220; animation_direction=&#8220;left&#8220; global_colors_info=&#8220;{}&#8220;]<\/p>\n<p>Jedes Unternehmen und auch sein Image auf dem jeweiligen Zielmarkt ist nur so gut wie sein Personal. Welcher Unternehmer hat es bei vereinzelten Mitarbeitern noch nicht erlebt, den \u201eDienst nach Vorschrift\u201c, der oftmals unternehmensorientiertes Denken und Handeln vermissen l\u00e4sst. Und welcher Kunde hat ihn noch nicht kennenlernen m\u00fcssen, den unmotivierten, unfreundlichen und manchmal auch inkompetenten Mitarbeiter eines Unternehmens; welcher Branche auch immer.<\/p>\n<p>[\/et_pb_text][\/et_pb_column][et_pb_column type=&#8220;1_2&#8243; _builder_version=&#8220;4.27.4&#8243; custom_padding=&#8220;|||&#8220; global_colors_info=&#8220;{}&#8220; custom_padding__hover=&#8220;|||&#8220;][et_pb_text admin_label=&#8220;Title&#8220; _builder_version=&#8220;4.27.4&#8243; text_text_color=&#8220;#FFFFFF&#8220; text_font_size=&#8220;16px&#8220; animation_direction=&#8220;left&#8220; global_colors_info=&#8220;{}&#8220;]<\/p>\n<p>Und nat\u00fcrlich ist es dann nicht der Herr oder die Frau XY die den hinterlassenen negativen Eindruck verantworten m\u00fcssen und in ihrem Image und Ansehen gesch\u00e4digt werden, sondern zun\u00e4chst in erster Linie das Unternehmen, das sie als Mitarbeiter(in) repr\u00e4sentieren. Gerade f\u00fcr klein- und mittelst\u00e4ndige Unternehmen sowie f\u00fcr Start Ups kann dies zum Teil nachhaltige und auch existenzielle Folgen haben.<\/p>\n<p>[\/et_pb_text][\/et_pb_column][\/et_pb_row][et_pb_row use_custom_gutter=&#8220;on&#8220; gutter_width=&#8220;2&#8243; admin_label=&#8220;CTA Area&#8220; _builder_version=&#8220;4.27.4&#8243; width=&#8220;100%&#8220; locked=&#8220;off&#8220; global_colors_info=&#8220;{}&#8220;][et_pb_column type=&#8220;4_4&#8243; _builder_version=&#8220;4.27.4&#8243; custom_padding=&#8220;|||&#8220; global_colors_info=&#8220;{}&#8220; custom_padding__hover=&#8220;|||&#8220;][et_pb_text admin_label=&#8220;Title&#8220; _builder_version=&#8220;4.27.4&#8243; text_text_color=&#8220;#FFFFFF&#8220; text_font_size=&#8220;16px&#8220; animation_direction=&#8220;left&#8220; global_colors_info=&#8220;{}&#8220;]<\/p>\n<p>Jedes Unternehmen und auch sein Image auf dem jeweiligen Zielmarkt ist nur so gut wie sein Personal. Welcher Unternehmer hat es bei vereinzelten Mitarbeitern noch nicht erlebt, den \u201eDienst nach Vorschrift\u201c, der oftmals unternehmensorientiertes Denken und Handeln vermissen l\u00e4sst. Und welcher Kunde hat ihn noch nicht kennenlernen m\u00fcssen, den unmotivierten, unfreundlichen und manchmal auch inkompetenten Mitarbeiter eines Unternehmens; welcher Branche auch immer.<\/p>\n<p>[\/et_pb_text][et_pb_image src=&#8220;https:\/\/www.steffcon.com\/cm\/wp-content\/uploads\/footballmanschaft.jpg&#8220; title_text=&#8220;A dedicated high school football team of teenage boys gathers in&#8220; show_in_lightbox=&#8220;on&#8220; align=&#8220;center&#8220; _builder_version=&#8220;4.27.4&#8243; _module_preset=&#8220;default&#8220; hover_enabled=&#8220;0&#8243; global_colors_info=&#8220;{}&#8220; alt=&#8220;Eine engagierte High-School-Footballmannschaft aus Teenagern trifft sich&#8220; sticky_enabled=&#8220;0&#8243;][\/et_pb_image][\/et_pb_column][\/et_pb_row][et_pb_row use_custom_gutter=&#8220;on&#8220; gutter_width=&#8220;2&#8243; admin_label=&#8220;CTA Area&#8220; _builder_version=&#8220;4.27.4&#8243; width=&#8220;100%&#8220; locked=&#8220;off&#8220; global_colors_info=&#8220;{}&#8220;][et_pb_column type=&#8220;4_4&#8243; _builder_version=&#8220;4.27.4&#8243; custom_padding=&#8220;|||&#8220; global_colors_info=&#8220;{}&#8220; custom_padding__hover=&#8220;|||&#8220;][et_pb_text admin_label=&#8220;Title&#8220; _builder_version=&#8220;4.27.4&#8243; text_text_color=&#8220;#FFFFFF&#8220; text_font_size=&#8220;16px&#8220; animation_direction=&#8220;left&#8220; global_colors_info=&#8220;{}&#8220;]<\/p>\n<p>Doch die jeweils optimalen, engagierte Fachkr\u00e4fte f\u00fcr die jeweilige freie Stelle zu finden, deren Qualifikation und Erfahrungen perfekt zu den gestellten Anforderungen passen ist nicht einfach. Eine entsprechende Motivation, Teamf\u00e4higkeit und auch Identifikation mit dem Unternehmen ist Grundvoraussetzung. Doch dies wird nicht zuletzt wegen der Arbeitsmarktsituation und der bestehenden negativen Konjunktur- und Wirtschaftslage, ungewisser Entwicklungen und starker Verunsicherung durch die aktuellen Ereignisse (Ukraine-Krieg, Nahostkonflikt, Ver\u00e4nderung transatlantischer Partnerschaften, z.B. USA) und auch regionaler Bedingungen (z.B. der Standort) zunehmend schwieriger.<\/p>\n<p>[\/et_pb_text][\/et_pb_column][\/et_pb_row][\/et_pb_section][et_pb_section fb_built=&#8220;1&#8243; admin_label=&#8220;CTA Section&#8220; _builder_version=&#8220;4.27.4&#8243; use_background_color_gradient=&#8220;on&#8220; background_color_gradient_stops=&#8220;#313e47 0%|rgba(49,62,71,0.74) 100%&#8220; background_color_gradient_overlays_image=&#8220;on&#8220; background_color_gradient_start=&#8220;#313e47&#8243; background_color_gradient_end=&#8220;rgba(49,62,71,0.74)&#8220; background_image=&#8220;https:\/\/www.steffcon.com\/cm\/wp-content\/uploads\/2023\/06\/law-firm-24.jpg&#8220; custom_padding=&#8220;0px|0px|1px||false|false&#8220; border_color_all=&#8220;#26333a&#8220; border_width_right=&#8220;8vw&#8220; global_colors_info=&#8220;{}&#8220;][et_pb_row column_structure=&#8220;1_2,1_2&#8243; use_custom_gutter=&#8220;on&#8220; gutter_width=&#8220;2&#8243; admin_label=&#8220;CTA Area&#8220; _builder_version=&#8220;4.27.4&#8243; custom_margin=&#8220;|auto|14px|auto||&#8220; custom_padding=&#8220;||0px||false|false&#8220; global_colors_info=&#8220;{}&#8220;][et_pb_column type=&#8220;1_2&#8243; _builder_version=&#8220;4.16&#8243; custom_padding=&#8220;|||&#8220; global_colors_info=&#8220;{}&#8220; custom_padding__hover=&#8220;|||&#8220;][et_pb_image src=&#8220;https:\/\/www.steffcon.com\/cm\/wp-content\/uploads\/AdobeStock_216265057-vier-hande-fuegen-zahnraeder-zusammen-scaled.jpeg&#8220; alt=&#8220;Vier H\u00e4nde von Gesch\u00e4ftsleuten halten Zahnr\u00e4der&#8220; title_text=&#8220;Four hands of businessmen collect gear from the gears of the det&#8220; show_in_lightbox=&#8220;on&#8220; align=&#8220;center&#8220; _builder_version=&#8220;4.27.4&#8243; _module_preset=&#8220;default&#8220; global_colors_info=&#8220;{}&#8220;][\/et_pb_image][\/et_pb_column][et_pb_column type=&#8220;1_2&#8243; _builder_version=&#8220;4.16&#8243; custom_padding=&#8220;|||&#8220; global_colors_info=&#8220;{}&#8220; custom_padding__hover=&#8220;|||&#8220;][et_pb_text admin_label=&#8220;Title&#8220; _builder_version=&#8220;4.27.4&#8243; text_text_color=&#8220;#FFFFFF&#8220; text_font_size=&#8220;16px&#8220; animation_direction=&#8220;left&#8220; global_colors_info=&#8220;{}&#8220;]<\/p>\n<p>Der dadurch entstandene und aktuell immer weiter ansteigende Fachkr\u00e4ftemangel in vielen Branchen und verst\u00e4rkt in serviceintensiven Bereichen (wie z.B. der Einzelhandel, medizinische Einrichtungen und Arztpraxen, der Pharma- und Automobilindustrie sowie der generelle Vertriebs- und Dienstleistungssektor), die nach den Pandemiejahren und der aktuellen wirtschaftlichen Situation besonders stark von der Abwanderung von Mitarbeitern betroffen waren, macht die Suche nach geeignetem Fachpersonal zu einer hochkomplexen und sehr stark wettbewerbsorientierten Angelegenheit. <br \/>Umso wichtiger ist es deshalb nicht nur neue, allen Anforderungen gerecht werdenden, Mitarbeiter zu gewinnen, sondern auch die bestehenden \u201eguten\u201c und f\u00fcr das Unternehmen wertvollen Mitarbeiter zu halten und so einer hohen Fluktuation entgegenzuwirken. Eine Investition und ein Aufwand, der sich ebenso lohnt, wie die nachhaltige Gewinnung von qualifizierten, engagierten Mitarbeitern.<\/p>\n<p>[\/et_pb_text][\/et_pb_column][\/et_pb_row][et_pb_row use_custom_gutter=&#8220;on&#8220; gutter_width=&#8220;2&#8243; admin_label=&#8220;CTA Area&#8220; _builder_version=&#8220;4.27.4&#8243; custom_margin=&#8220;||30px|&#8220; custom_padding=&#8220;0px||||false|false&#8220; global_colors_info=&#8220;{}&#8220;][et_pb_column type=&#8220;4_4&#8243; _builder_version=&#8220;4.16&#8243; custom_padding=&#8220;|||&#8220; global_colors_info=&#8220;{}&#8220; custom_padding__hover=&#8220;|||&#8220;][et_pb_text admin_label=&#8220;Title&#8220; _builder_version=&#8220;4.27.4&#8243; text_text_color=&#8220;#FFFFFF&#8220; text_font_size=&#8220;16px&#8220; animation_direction=&#8220;left&#8220; global_colors_info=&#8220;{}&#8220;]<\/p>\n<p>Der Erfolg bei der Mitarbeitergewinnung und Mitarbeiterpflege ist von wesentlichen Faktoren abh\u00e4ngig, die sowohl das Innen- als auch das Au\u00dfenverh\u00e4ltnis und somit die interne und die externe Unternehmenskommunikation und Pr\u00e4sentation, den Bekanntheitsgrad des Unternehmens sowie die Unternehmenskultur, das \u201eCompany Behaviour\u201c und die Reputation\/Renommee (Image) des Unternehmens betreffen.<\/p>\n<p>[\/et_pb_text][\/et_pb_column][\/et_pb_row][\/et_pb_section][et_pb_section fb_built=&#8220;1&#8243; admin_label=&#8220;CTA Section&#8220; _builder_version=&#8220;4.27.4&#8243; use_background_color_gradient=&#8220;on&#8220; background_color_gradient_stops=&#8220;#313e47 0%|rgba(49,62,71,0.74) 100%&#8220; background_color_gradient_overlays_image=&#8220;on&#8220; background_color_gradient_start=&#8220;#313e47&#8243; background_color_gradient_end=&#8220;rgba(49,62,71,0.74)&#8220; background_image=&#8220;https:\/\/www.steffcon.com\/cm\/wp-content\/uploads\/2023\/06\/law-firm-24.jpg&#8220; custom_padding=&#8220;0px|0px|0px||false|false&#8220; border_color_all=&#8220;#26333a&#8220; border_width_left=&#8220;8vw&#8220; global_colors_info=&#8220;{}&#8220;][et_pb_row column_structure=&#8220;1_2,1_2&#8243; use_custom_gutter=&#8220;on&#8220; gutter_width=&#8220;2&#8243; admin_label=&#8220;CTA Area&#8220; _builder_version=&#8220;4.27.4&#8243; width=&#8220;100%&#8220; locked=&#8220;off&#8220; global_colors_info=&#8220;{}&#8220;][et_pb_column type=&#8220;1_2&#8243; _builder_version=&#8220;4.27.4&#8243; custom_padding=&#8220;|||&#8220; global_colors_info=&#8220;{}&#8220; custom_padding__hover=&#8220;|||&#8220;][et_pb_image src=&#8220;https:\/\/www.steffcon.com\/cm\/wp-content\/uploads\/AdobeStock_922271884-bunte-buhnenstrahler-mit-nebel-scaled.jpeg&#8220; alt=&#8220;Helle Konzertb\u00fchnenlichter in verschiedenen Farben schaffen eine lebendige Atmosph\u00e4re f\u00fcr ein Musikfestival&#8220; title_text=&#8220;Helle Konzertb\u00fchnenlichter in verschiedenen Farben schaffen eine lebendige Atmosph\u00e4re f\u00fcr ein Musikfestival&#8220; show_in_lightbox=&#8220;on&#8220; show_bottom_space=&#8220;off&#8220; _builder_version=&#8220;4.27.4&#8243; _module_preset=&#8220;default&#8220; global_colors_info=&#8220;{}&#8220;][\/et_pb_image][\/et_pb_column][et_pb_column type=&#8220;1_2&#8243; _builder_version=&#8220;4.27.4&#8243; custom_padding=&#8220;|||&#8220; global_colors_info=&#8220;{}&#8220; custom_padding__hover=&#8220;|||&#8220;][et_pb_text admin_label=&#8220;Title&#8220; _builder_version=&#8220;4.27.4&#8243; text_text_color=&#8220;#FFFFFF&#8220; text_font_size=&#8220;16px&#8220; animation_direction=&#8220;left&#8220; global_colors_info=&#8220;{}&#8220;]<\/p>\n<p>Auch hierbei, wenn es um die Gewinnung von kompetenten und motivierten Mitarbeitern f\u00fcr Ihr Unternehmen geht, lassen wir Sie nicht allein, sondern unterst\u00fctzen Sie aktiv und effizient bei der Personalgewinnung. Nach eingehender Recherche, speziell auf Ihre Bed\u00fcrfnisse und Anforderungen abgestimmt, finden wir zusammen mit unseren, im Personalmanagement renommierten und sehr erfahrenen Partnern, die jeweils idealen Mitarbeiter(innen) f\u00fcr Sie und Ihr Unternehmen.<\/p>\n<p>Steffan Consulting verf\u00fcgt \u00fcber ein international sehr erfahrenes Experten-Team, dass sich auf zwei Bereiche spezialisiert hat. Der eine Bereich ist die Image-, Absatz- und Verkaufsf\u00f6rderung inklusiver der Markenschaffung (Branding) und der zweite Bereich ist auf das Employer Branding fokussiert. Da diese beiden Bereiche zur Schaffung nachhaltiger Erfolge optimal ineinandergreifen, ist Steffan Consulting der ideale Partner f\u00fcr kleine und mittelst\u00e4ndige Unternehmen sowie f\u00fcr Start Ups und hat sich dediziert auf allen Gebieten darauf ausgerichtet.<\/p>\n<p>[\/et_pb_text][\/et_pb_column][\/et_pb_row][et_pb_row column_structure=&#8220;1_2,1_2&#8243; use_custom_gutter=&#8220;on&#8220; gutter_width=&#8220;2&#8243; admin_label=&#8220;CTA Area&#8220; _builder_version=&#8220;4.27.4&#8243; width=&#8220;100%&#8220; custom_padding=&#8220;0px||||false|false&#8220; locked=&#8220;off&#8220; global_colors_info=&#8220;{}&#8220;][et_pb_column type=&#8220;1_2&#8243; _builder_version=&#8220;4.27.4&#8243; custom_padding=&#8220;|||&#8220; global_colors_info=&#8220;{}&#8220; custom_padding__hover=&#8220;|||&#8220;][et_pb_text admin_label=&#8220;Title&#8220; _builder_version=&#8220;4.27.4&#8243; text_text_color=&#8220;#FFFFFF&#8220; text_font_size=&#8220;16px&#8220; animation_direction=&#8220;left&#8220; global_colors_info=&#8220;{}&#8220;]<\/p>\n<p>Zur Findung und Pflege guter Mitarbeiter gilt das Gleiche wie bei der Findung und Pflege guter Kunden. Image und Attraktivit\u00e4t, sowohl nach au\u00dfen als auch nach innen, sind hierbei die wichtigsten und ausschlaggebenden Faktoren. Mit den entsprechenden Analysen und den darauf abgestimmten, zielgerichteten unternehmensstrategischen Konzepten und Ma\u00dfnahmen, wird das Unternehmen insgesamt und im Besonderen als attraktiver Arbeitgeber dargestellt und kann sich so auf dem Ziel- und auf dem Arbeitsmarkt perfekt pr\u00e4sentieren und positiv von Wettbewerbern abheben.<\/p>\n<p>[\/et_pb_text][\/et_pb_column][et_pb_column type=&#8220;1_2&#8243; _builder_version=&#8220;4.27.4&#8243; custom_padding=&#8220;|||&#8220; global_colors_info=&#8220;{}&#8220; custom_padding__hover=&#8220;|||&#8220;][et_pb_image src=&#8220;https:\/\/www.steffcon.com\/cm\/wp-content\/uploads\/holzfiguren-mit-lupe.jpg&#8220; alt=&#8220;Gesch\u00e4ftsmann, der durch eine Lupe auf ein Netzwerk kleiner Leute blickt.&#8220; title_text=&#8220;Gesch\u00e4ftsmann, der durch eine Lupe auf ein Netzwerk kleiner Leute blickt.&#8220; show_in_lightbox=&#8220;on&#8220; _builder_version=&#8220;4.27.4&#8243; _module_preset=&#8220;default&#8220; global_colors_info=&#8220;{}&#8220;][\/et_pb_image][\/et_pb_column][\/et_pb_row][et_pb_row use_custom_gutter=&#8220;on&#8220; gutter_width=&#8220;2&#8243; admin_label=&#8220;CTA Area&#8220; _builder_version=&#8220;4.27.4&#8243; width=&#8220;100%&#8220; custom_padding=&#8220;0px||||false|false&#8220; locked=&#8220;off&#8220; global_colors_info=&#8220;{}&#8220;][et_pb_column type=&#8220;4_4&#8243; _builder_version=&#8220;4.27.4&#8243; custom_padding=&#8220;|||&#8220; global_colors_info=&#8220;{}&#8220; custom_padding__hover=&#8220;|||&#8220;][et_pb_text admin_label=&#8220;Title&#8220; _builder_version=&#8220;4.27.4&#8243; text_text_color=&#8220;#FFFFFF&#8220; text_font_size=&#8220;16px&#8220; animation_direction=&#8220;left&#8220; global_colors_info=&#8220;{}&#8220;]<\/p>\n<p>Wie oftmals der Fall, k\u00f6nnten wir jetzt hier noch weiter seitenweise in Details gehen und tolle Schaubilder und Diagramme pr\u00e4sentieren, die meistens sowieso nicht gelesen oder angeschaut werden. Wir haben uns deshalb hier aus Respekt vor Ihrer kostbaren Zeit mit den wichtigsten Erl\u00e4uterungen \u00fcber unsere Arbeit, die Gr\u00fcnde hierf\u00fcr und die daraus resultierenden Ziele begn\u00fcgt.<\/p>\n<p>[\/et_pb_text][\/et_pb_column][\/et_pb_row][et_pb_row column_structure=&#8220;1_2,1_2&#8243; use_custom_gutter=&#8220;on&#8220; gutter_width=&#8220;2&#8243; admin_label=&#8220;CTA Area&#8220; _builder_version=&#8220;4.27.4&#8243; width=&#8220;100%&#8220; locked=&#8220;off&#8220; global_colors_info=&#8220;{}&#8220;][et_pb_column type=&#8220;1_2&#8243; _builder_version=&#8220;4.27.4&#8243; custom_padding=&#8220;|||&#8220; global_colors_info=&#8220;{}&#8220; custom_padding__hover=&#8220;|||&#8220;][et_pb_image src=&#8220;https:\/\/www.steffcon.com\/cm\/wp-content\/uploads\/mannchen-hallt-lampe-hoch-Kopie.png&#8220; alt=&#8220;skizzenhaften M\u00e4nnchen mit einer leuchtenden Gl\u00fchbirne&#8220; title_text=&#8220;manncskizzenhaften M\u00e4nnchen mit einer leuchtenden Gl\u00fchbirnehen-halt-lampe-hoch Kopie&#8220; show_in_lightbox=&#8220;on&#8220; align=&#8220;right&#8220; _builder_version=&#8220;4.27.4&#8243; _module_preset=&#8220;default&#8220; width=&#8220;60%&#8220; global_colors_info=&#8220;{}&#8220;][\/et_pb_image][\/et_pb_column][et_pb_column type=&#8220;1_2&#8243; _builder_version=&#8220;4.27.4&#8243; custom_padding=&#8220;|||&#8220; global_colors_info=&#8220;{}&#8220; custom_padding__hover=&#8220;|||&#8220;][et_pb_text admin_label=&#8220;Title&#8220; _builder_version=&#8220;4.27.4&#8243; text_text_color=&#8220;#FFFFFF&#8220; text_font_size=&#8220;16px&#8220; animation_direction=&#8220;left&#8220; global_colors_info=&#8220;{}&#8220;]<\/p>\n<p>Was halten Sie von der Idee, sich doch einfach einmal mit uns f\u00fcr ein unverbindliches Gespr\u00e4ch in Verbindung zu setzen. Sehr gerne beantworten wir Ihnen Ihre Fragen zu diesem wichtigen Thema und zeigen Ihnen L\u00f6sungsans\u00e4tze, die Sie und Ihr Unternehmen auf dem jeweiligen Zielmarkt nachhaltig besser positioniert und erfolgreicher macht. Und nat\u00fcrlich gibt es dann auf Wunsch gerne auch weitere Unterlagen und Referenzen.<\/p>\n<p>[\/et_pb_text][et_pb_text admin_label=&#8220;Title&#8220; _builder_version=&#8220;4.27.4&#8243; text_text_color=&#8220;#FFFFFF&#8220; text_font_size=&#8220;16px&#8220; animation_direction=&#8220;left&#8220; global_colors_info=&#8220;{}&#8220;]<\/p>\n<p>Sprechen Sie mit einem unserer Experten direkt:<\/p>\n<p>Oder per E-Mail:<\/p>\n<p>Es freut uns von Ihnen zu h\u00f6ren und Sie bei der Umsetzung Ihrer Vorhaben und Erreichung Ihrer Ziele kompetent zu unterst\u00fctzen!<\/p>\n<p>[\/et_pb_text][\/et_pb_column][\/et_pb_row][et_pb_row column_structure=&#8220;1_2,1_2&#8243; use_custom_gutter=&#8220;on&#8220; gutter_width=&#8220;2&#8243; admin_label=&#8220;CTA Area&#8220; _builder_version=&#8220;4.27.4&#8243; width=&#8220;100%&#8220; locked=&#8220;off&#8220; global_colors_info=&#8220;{}&#8220;][et_pb_column type=&#8220;1_2&#8243; _builder_version=&#8220;4.27.4&#8243; custom_padding=&#8220;|||&#8220; global_colors_info=&#8220;{}&#8220; custom_padding__hover=&#8220;|||&#8220;][et_pb_text admin_label=&#8220;Title&#8220; _builder_version=&#8220;4.27.4&#8243; text_text_color=&#8220;#FFFFFF&#8220; text_font_size=&#8220;16px&#8220; animation_direction=&#8220;left&#8220; global_colors_info=&#8220;{}&#8220;]<\/p>\n<p><strong>Unsere Leistungen in diesem Bereich:<\/strong><\/p>\n<ul>\n<li>Headhunting (klassische Direktansprache; auch \u201eAnsprache\u201c von geeigneten Mitarbeitern bei Ihren Wettbewerbern)<\/li>\n<li>\u201eIdentifikation\u201c geeigneter Kandidaten<\/li>\n<li>Recherche in eigener Datenbank<\/li>\n<li>\u00a0Recherche in Netzwerken<\/li>\n<li>G\u00fcnstige Anzeigenschaltung<\/li>\n<li>\u00dcbernahme des kompletten Bewerber- und Absagemanagements<\/li>\n<\/ul>\n<p>[\/et_pb_text][\/et_pb_column][et_pb_column type=&#8220;1_2&#8243; _builder_version=&#8220;4.27.4&#8243; custom_padding=&#8220;|||&#8220; global_colors_info=&#8220;{}&#8220; custom_padding__hover=&#8220;|||&#8220;][et_pb_text admin_label=&#8220;Title&#8220; _builder_version=&#8220;4.27.4&#8243; text_text_color=&#8220;#FFFFFF&#8220; text_font_size=&#8220;16px&#8220; animation_direction=&#8220;left&#8220; global_colors_info=&#8220;{}&#8220;]<\/p>\n<p>Mit unseren Spezialisten bieten wir Ihnen auch ein qualifiziertes Permanent Research an.<br \/>Bei der \u00fcblichen, passiven Personalsuche (Anzeige in Print oder Internetb\u00f6rsen) schalten Sie eine Anzeige und m\u00fcssen prinzipiell, darauf hoffen, dass sich geeignete Kandidaten melden. Mehr k\u00f6nnen Sie in diesem Stadium nicht tun.<br \/>Bei der aktiven Personalsuche (Permanent Research) werden Kandidaten in einer Vielzahl von Unternehmen durch uns direkt angesprochen (klassische Direktansprache). Somit ist das Ergebnis steuerbar. <\/p>\n<p>[\/et_pb_text][\/et_pb_column][\/et_pb_row][et_pb_row column_structure=&#8220;1_2,1_2&#8243; use_custom_gutter=&#8220;on&#8220; gutter_width=&#8220;2&#8243; admin_label=&#8220;CTA Area&#8220; _builder_version=&#8220;4.27.4&#8243; width=&#8220;100%&#8220; locked=&#8220;off&#8220; global_colors_info=&#8220;{}&#8220;][et_pb_column type=&#8220;1_2&#8243; _builder_version=&#8220;4.27.4&#8243; custom_padding=&#8220;|||&#8220; global_colors_info=&#8220;{}&#8220; custom_padding__hover=&#8220;|||&#8220;][et_pb_text admin_label=&#8220;Title&#8220; _builder_version=&#8220;4.27.4&#8243; text_text_color=&#8220;#FFFFFF&#8220; text_font_size=&#8220;16px&#8220; animation_direction=&#8220;left&#8220; global_colors_info=&#8220;{}&#8220;]<\/p>\n<p>Sie als Auftraggeber kaufen sich also externe Arbeitskraft ein, die dazu verwendet wird, aktiv am Markt den f\u00fcr Ihre Vakanz passenden Bewerber zu finden.<br \/>Die Laufzeit des Vertrages und der gebuchte Zeitaufwand sind f\u00fcr Sie w\u00e4hlbar. Zus\u00e4tzlich k\u00f6nnen Sie innerhalb der vereinbarten Vertragslaufzeit mehrfach die zu besetzende Position nach Ihren aktuellen Bed\u00fcrfnissen \u00e4ndern.<\/p>\n<p>[\/et_pb_text][\/et_pb_column][et_pb_column type=&#8220;1_2&#8243; _builder_version=&#8220;4.27.4&#8243; custom_padding=&#8220;|||&#8220; global_colors_info=&#8220;{}&#8220; custom_padding__hover=&#8220;|||&#8220;][et_pb_text admin_label=&#8220;Title&#8220; _builder_version=&#8220;4.27.4&#8243; text_text_color=&#8220;#FFFFFF&#8220; text_font_size=&#8220;16px&#8220; animation_direction=&#8220;left&#8220; global_colors_info=&#8220;{}&#8220;]<\/p>\n<p><strong>Die Vorteile f\u00fcr Sie mit uns als hierbei Partner:<\/strong><\/p>\n<ul>\n<li>Aktive Personalsuche ohne eigene Kapazit\u00e4ten zu binden.<\/li>\n<li>Permanente Einflussnahme auf das Stellenprofil.<\/li>\n<li>Klare Kostenstruktur und Laufzeiten.<\/li>\n<li>Flexibler Wechsel in verschiedene Anforderungsprofile.<\/li>\n<li>Zeitliche Entlastung f\u00fcr Sie, da Sie sich nicht mit einer ggf. F\u00fclle von ungeeigneten Bewerbern besch\u00e4ftigen m\u00fcssen.<\/li>\n<\/ul>\n<p>[\/et_pb_text][\/et_pb_column][\/et_pb_row][\/et_pb_section]<\/p>\n","protected":false},"excerpt":{"rendered":"<p>Motivierte, loyale, qualifizierte und engagierte Mitarbeiter mit dem entsprechenden Fachwissen und ihren individuellen F\u00e4higkeiten und Talenten sind ein wichtiger Faktor f\u00fcr den Erfolg und die Wettbewerbsf\u00e4higkeit eines Unternehmens.Jedes Unternehmen und auch sein Image auf dem jeweiligen Zielmarkt ist nur so gut wie sein Personal. Welcher Unternehmer hat es bei vereinzelten Mitarbeitern noch nicht erlebt, den [&hellip;]<\/p>\n","protected":false},"author":2,"featured_media":0,"parent":0,"menu_order":0,"comment_status":"closed","ping_status":"closed","template":"","meta":{"_et_pb_use_builder":"on","_et_pb_old_content":"","_et_gb_content_width":"","footnotes":""},"class_list":["post-28867","page","type-page","status-publish","hentry"],"_links":{"self":[{"href":"https:\/\/www.steffcon.com\/index.php\/wp-json\/wp\/v2\/pages\/28867","targetHints":{"allow":["GET"]}}],"collection":[{"href":"https:\/\/www.steffcon.com\/index.php\/wp-json\/wp\/v2\/pages"}],"about":[{"href":"https:\/\/www.steffcon.com\/index.php\/wp-json\/wp\/v2\/types\/page"}],"author":[{"embeddable":true,"href":"https:\/\/www.steffcon.com\/index.php\/wp-json\/wp\/v2\/users\/2"}],"replies":[{"embeddable":true,"href":"https:\/\/www.steffcon.com\/index.php\/wp-json\/wp\/v2\/comments?post=28867"}],"version-history":[{"count":23,"href":"https:\/\/www.steffcon.com\/index.php\/wp-json\/wp\/v2\/pages\/28867\/revisions"}],"predecessor-version":[{"id":230766,"href":"https:\/\/www.steffcon.com\/index.php\/wp-json\/wp\/v2\/pages\/28867\/revisions\/230766"}],"wp:attachment":[{"href":"https:\/\/www.steffcon.com\/index.php\/wp-json\/wp\/v2\/media?parent=28867"}],"curies":[{"name":"wp","href":"https:\/\/api.w.org\/{rel}","templated":true}]}}